{"id":5026,"date":"2026-07-01T16:09:03","date_gmt":"2026-07-01T14:09:03","guid":{"rendered":"https:\/\/fojo.se\/verify\/?page_id=5026"},"modified":"2026-09-03T21:24:49","modified_gmt":"2026-09-03T19:24:49","slug":"granskningar","status":"publish","type":"page","link":"https:\/\/fojo.se\/verify\/valkollen\/granskningar\/","title":{"rendered":"Granskningar"},"content":{"rendered":"\t\t<div data-elementor-type=\"wp-page\" data-elementor-id=\"5026\" class=\"elementor elementor-5026\" data-elementor-post-type=\"page\">\n\t\t\t\t<div class=\"elementor-element elementor-element-6e19b79 e-flex e-con-boxed e-con e-parent\" data-id=\"6e19b79\" data-element_type=\"container\" data-e-type=\"container\" data-settings=\"{&quot;background_background&quot;:&quot;classic&quot;}\">\n\t\t\t\t\t<div class=\"e-con-inner\">\n\t\t<div class=\"elementor-element elementor-element-94a75cc e-con-full e-flex e-con e-child\" data-id=\"94a75cc\" data-element_type=\"container\" data-e-type=\"container\">\n\t\t\t\t<div class=\"elementor-element elementor-element-552d5f7 elementor-widget elementor-widget-heading\" data-id=\"552d5f7\" data-element_type=\"widget\" data-e-type=\"widget\" data-widget_type=\"heading.default\">\n\t\t\t\t<div class=\"elementor-widget-container\">\n\t\t\t\t\t<div class=\"elementor-heading-title elementor-size-default\">ARKIV<\/div>\t\t\t\t<\/div>\n\t\t\t\t<\/div>\n\t\t\t\t<div class=\"elementor-element elementor-element-00727c7 elementor-widget__width-initial elementor-widget elementor-widget-heading\" data-id=\"00727c7\" data-element_type=\"widget\" data-e-type=\"widget\" data-widget_type=\"heading.default\">\n\t\t\t\t<div class=\"elementor-widget-container\">\n\t\t\t\t\t<h3 class=\"elementor-heading-title elementor-size-default\">Alla granskningar<\/h3>\t\t\t\t<\/div>\n\t\t\t\t<\/div>\n\t\t\t\t<div class=\"elementor-element elementor-element-87f1224 elementor-widget__width-initial elementor-widget elementor-widget-heading\" data-id=\"87f1224\" data-element_type=\"widget\" data-e-type=\"widget\" data-widget_type=\"heading.default\">\n\t\t\t\t<div class=\"elementor-widget-container\">\n\t\t\t\t\t<p class=\"elementor-heading-title elementor-size-default\">Valkollen g\u00f6r i samarbete med faktagranskaren K\u00e4llkritikbyr\u00e5n viralgranskningar i valtider. H\u00e4r kan du se alla granskningar vi har gjort tillsammans val\u00e5ret 2026.<\/p>\t\t\t\t<\/div>\n\t\t\t\t<\/div>\n\t\t\t\t<\/div>\n\t\t\t\t\t<\/div>\n\t\t\t\t<\/div>\n\t\t<div class=\"elementor-element elementor-element-0b10cfc e-flex e-con-boxed e-con e-parent\" data-id=\"0b10cfc\" data-element_type=\"container\" data-e-type=\"container\" data-settings=\"{&quot;background_background&quot;:&quot;classic&quot;}\">\n\t\t\t\t\t<div class=\"e-con-inner\">\n\t\t<div class=\"elementor-element elementor-element-e85829d e-con-full e-flex e-con e-child\" data-id=\"e85829d\" data-element_type=\"container\" data-e-type=\"container\">\n\t\t<div class=\"elementor-element elementor-element-d1b46f3 e-con-full e-flex e-con e-child\" data-id=\"d1b46f3\" data-element_type=\"container\" data-e-type=\"container\">\n\t\t\t\t<div class=\"elementor-element elementor-element-19232af elementor-widget elementor-widget-heading\" data-id=\"19232af\" data-element_type=\"widget\" data-e-type=\"widget\" data-widget_type=\"heading.default\">\n\t\t\t\t<div class=\"elementor-widget-container\">\n\t\t\t\t\t<div class=\"elementor-heading-title elementor-size-default\">3 sep<\/div>\t\t\t\t<\/div>\n\t\t\t\t<\/div>\n\t\t\t\t<\/div>\n\t\t<div class=\"elementor-element elementor-element-a4493ff e-con-full e-flex e-con e-child\" data-id=\"a4493ff\" data-element_type=\"container\" data-e-type=\"container\">\n\t\t\t\t<div class=\"elementor-element elementor-element-13fb2cd elementor-widget elementor-widget-heading\" data-id=\"13fb2cd\" data-element_type=\"widget\" data-e-type=\"widget\" data-widget_type=\"heading.default\">\n\t\t\t\t<div class=\"elementor-widget-container\">\n\t\t\t\t\t<h6 class=\"elementor-heading-title elementor-size-default\"><a href=\"https:\/\/kallkritikbyran.se\/lista-med-nedlagda-akutsjukhus-sprids-som-s-kritik-tidofall-utelamnat\/\" target=\"_blank\" rel=\"noopener\">Lista med nedlagda akutsjukhus sprids som S-kritik \u2013 Tid\u00f6fall utel\u00e4mnat<\/a><\/h6>\t\t\t\t<\/div>\n\t\t\t\t<\/div>\n\t\t\t\t<div class=\"elementor-element elementor-element-74a334a elementor-widget elementor-widget-heading\" data-id=\"74a334a\" data-element_type=\"widget\" data-e-type=\"widget\" data-widget_type=\"heading.default\">\n\t\t\t\t<div class=\"elementor-widget-container\">\n\t\t\t\t\t<div class=\"elementor-heading-title elementor-size-default\"><a href=\"https:\/\/kallkritikbyran.se\/lista-med-nedlagda-akutsjukhus-sprids-som-s-kritik-tidofall-utelamnat\/\" target=\"_blank\" rel=\"noopener\">En tabell som sprids i sociala medier visar orter d\u00e4r akutsjukhus f\u00f6rsvunnit under v\u00e4nsterstyre \u2013 men i listan finns inte K\u00f6pings akutsjukhus med, vilket lades ner av en h\u00f6germajoritet.<\/a><\/div>\t\t\t\t<\/div>\n\t\t\t\t<\/div>\n\t\t\t\t<\/div>\n\t\t<div class=\"elementor-element elementor-element-d4cabf2 e-con-full e-flex e-con e-child\" data-id=\"d4cabf2\" data-element_type=\"container\" data-e-type=\"container\">\n\t\t\t\t<div class=\"elementor-element elementor-element-39f0bed elementor-view-default elementor-widget elementor-widget-icon\" data-id=\"39f0bed\" data-element_type=\"widget\" data-e-type=\"widget\" data-widget_type=\"icon.default\">\n\t\t\t\t<div class=\"elementor-widget-container\">\n\t\t\t\t\t\t\t<div class=\"elementor-icon-wrapper\">\n\t\t\t<a class=\"elementor-icon\" href=\"https:\/\/kallkritikbyran.se\/valmyndigheten-om-id-oron-pa-natet-aldrig-hort-talas-om-att-det-hant\/\" target=\"_blank\" rel=\"noopener\">\n\t\t\t<svg aria-hidden=\"true\" class=\"e-font-icon-svg e-fas-arrow-right\" viewBox=\"0 0 448 512\" xmlns=\"http:\/\/www.w3.org\/2000\/svg\"><path d=\"M190.5 66.9l22.2-22.2c9.4-9.4 24.6-9.4 33.9 0L441 239c9.4 9.4 9.4 24.6 0 33.9L246.6 467.3c-9.4 9.4-24.6 9.4-33.9 0l-22.2-22.2c-9.5-9.5-9.3-25 .4-34.3L311.4 296H24c-13.3 0-24-10.7-24-24v-32c0-13.3 10.7-24 24-24h287.4L190.9 101.2c-9.8-9.3-10-24.8-.4-34.3z\"><\/path><\/svg>\t\t\t<\/a>\n\t\t<\/div>\n\t\t\t\t\t\t<\/div>\n\t\t\t\t<\/div>\n\t\t\t\t<\/div>\n\t\t\t\t<\/div>\n\t\t<div class=\"elementor-element elementor-element-b3d970f e-con-full e-flex e-con e-child\" data-id=\"b3d970f\" data-element_type=\"container\" data-e-type=\"container\">\n\t\t<div class=\"elementor-element elementor-element-8eddbf1 e-con-full e-flex e-con e-child\" data-id=\"8eddbf1\" data-element_type=\"container\" data-e-type=\"container\">\n\t\t\t\t<div class=\"elementor-element elementor-element-61d1958 elementor-widget elementor-widget-heading\" data-id=\"61d1958\" data-element_type=\"widget\" data-e-type=\"widget\" data-widget_type=\"heading.default\">\n\t\t\t\t<div class=\"elementor-widget-container\">\n\t\t\t\t\t<div class=\"elementor-heading-title elementor-size-default\">31 aug<\/div>\t\t\t\t<\/div>\n\t\t\t\t<\/div>\n\t\t\t\t<\/div>\n\t\t<div class=\"elementor-element elementor-element-4a8a74f e-con-full e-flex e-con e-child\" data-id=\"4a8a74f\" data-element_type=\"container\" data-e-type=\"container\">\n\t\t\t\t<div class=\"elementor-element elementor-element-a48c27d elementor-widget elementor-widget-heading\" data-id=\"a48c27d\" data-element_type=\"widget\" data-e-type=\"widget\" data-widget_type=\"heading.default\">\n\t\t\t\t<div class=\"elementor-widget-container\">\n\t\t\t\t\t<h6 class=\"elementor-heading-title elementor-size-default\"><a href=\"https:\/\/kallkritikbyran.se\/partiet-ambition-sverige-vaccin-ar-en-religion\/\" target=\"_blank\" rel=\"noopener\">Partiet Ambition Sverige: \u201dVaccin \u00e4r en religion\u201d<\/a><\/h6>\t\t\t\t<\/div>\n\t\t\t\t<\/div>\n\t\t\t\t<div class=\"elementor-element elementor-element-f88cccc elementor-widget elementor-widget-heading\" data-id=\"f88cccc\" data-element_type=\"widget\" data-e-type=\"widget\" data-widget_type=\"heading.default\">\n\t\t\t\t<div class=\"elementor-widget-container\">\n\t\t\t\t\t<div class=\"elementor-heading-title elementor-size-default\"><a href=\"https:\/\/kallkritikbyran.se\/partiet-ambition-sverige-vaccin-ar-en-religion\/\" target=\"_blank\" rel=\"noopener\">Forskare borde utreda om vacciner \u00e4r kopplade till kroniska sjukdomar, s\u00e4ger partiet Ambition Sverige n\u00e4r K\u00e4llkritikbyr\u00e5n st\u00e4ller fr\u00e5gor med anledning av m\u00e4sslingsutbrottet p\u00e5 festivalen Urkult.<\/a><\/div>\t\t\t\t<\/div>\n\t\t\t\t<\/div>\n\t\t\t\t<\/div>\n\t\t<div class=\"elementor-element elementor-element-3bb0808 e-con-full e-flex e-con e-child\" data-id=\"3bb0808\" data-element_type=\"container\" data-e-type=\"container\">\n\t\t\t\t<div class=\"elementor-element elementor-element-2246c99 elementor-view-default elementor-widget elementor-widget-icon\" data-id=\"2246c99\" data-element_type=\"widget\" data-e-type=\"widget\" data-widget_type=\"icon.default\">\n\t\t\t\t<div class=\"elementor-widget-container\">\n\t\t\t\t\t\t\t<div class=\"elementor-icon-wrapper\">\n\t\t\t<a class=\"elementor-icon\" href=\"https:\/\/kallkritikbyran.se\/valmyndigheten-om-id-oron-pa-natet-aldrig-hort-talas-om-att-det-hant\/\" target=\"_blank\" rel=\"noopener\">\n\t\t\t<svg aria-hidden=\"true\" class=\"e-font-icon-svg e-fas-arrow-right\" viewBox=\"0 0 448 512\" xmlns=\"http:\/\/www.w3.org\/2000\/svg\"><path d=\"M190.5 66.9l22.2-22.2c9.4-9.4 24.6-9.4 33.9 0L441 239c9.4 9.4 9.4 24.6 0 33.9L246.6 467.3c-9.4 9.4-24.6 9.4-33.9 0l-22.2-22.2c-9.5-9.5-9.3-25 .4-34.3L311.4 296H24c-13.3 0-24-10.7-24-24v-32c0-13.3 10.7-24 24-24h287.4L190.9 101.2c-9.8-9.3-10-24.8-.4-34.3z\"><\/path><\/svg>\t\t\t<\/a>\n\t\t<\/div>\n\t\t\t\t\t\t<\/div>\n\t\t\t\t<\/div>\n\t\t\t\t<\/div>\n\t\t\t\t<\/div>\n\t\t<div class=\"elementor-element elementor-element-6f08cd4 e-con-full e-flex e-con e-child\" data-id=\"6f08cd4\" data-element_type=\"container\" data-e-type=\"container\">\n\t\t<div class=\"elementor-element elementor-element-23054c0 e-con-full e-flex e-con e-child\" data-id=\"23054c0\" data-element_type=\"container\" data-e-type=\"container\">\n\t\t\t\t<div class=\"elementor-element elementor-element-6eaf452 elementor-widget elementor-widget-heading\" data-id=\"6eaf452\" data-element_type=\"widget\" data-e-type=\"widget\" data-widget_type=\"heading.default\">\n\t\t\t\t<div class=\"elementor-widget-container\">\n\t\t\t\t\t<div class=\"elementor-heading-title elementor-size-default\">27 aug<\/div>\t\t\t\t<\/div>\n\t\t\t\t<\/div>\n\t\t\t\t<\/div>\n\t\t<div class=\"elementor-element elementor-element-cb4b0fc e-con-full e-flex e-con e-child\" data-id=\"cb4b0fc\" data-element_type=\"container\" data-e-type=\"container\">\n\t\t\t\t<div class=\"elementor-element elementor-element-47b0d81 elementor-widget elementor-widget-heading\" data-id=\"47b0d81\" data-element_type=\"widget\" data-e-type=\"widget\" data-widget_type=\"heading.default\">\n\t\t\t\t<div class=\"elementor-widget-container\">\n\t\t\t\t\t<h6 class=\"elementor-heading-title elementor-size-default\"><a href=\"https:\/\/kallkritikbyran.se\/sd-varnar-for-valfusk-backar-nu-fran-facebook-inlagg\/\" target=\"_blank\" rel=\"noopener\">SD varnar f\u00f6r valfusk \u2013 backar nu fr\u00e5n Facebook-inl\u00e4gg<\/a><\/h6>\t\t\t\t<\/div>\n\t\t\t\t<\/div>\n\t\t\t\t<div class=\"elementor-element elementor-element-d25cd42 elementor-widget elementor-widget-heading\" data-id=\"d25cd42\" data-element_type=\"widget\" data-e-type=\"widget\" data-widget_type=\"heading.default\">\n\t\t\t\t<div class=\"elementor-widget-container\">\n\t\t\t\t\t<div class=\"elementor-heading-title elementor-size-default\"><a href=\"https:\/\/kallkritikbyran.se\/sd-varnar-for-valfusk-backar-nu-fran-facebook-inlagg\/\" target=\"_blank\" rel=\"noopener\">Valfusk kan bli utbrett i valet 2026, skriver flera SD-avdelningar p\u00e5 Facebook. Tv\u00e5 av de lokala avdelningarnas inl\u00e4gg inneh\u00f6ll p\u00e5st\u00e5enden som Valmyndigheten reagerat p\u00e5 \u2013 nu har de redigerats om eller tagits ner.<\/a><\/div>\t\t\t\t<\/div>\n\t\t\t\t<\/div>\n\t\t\t\t<\/div>\n\t\t<div class=\"elementor-element elementor-element-ea36787 e-con-full e-flex e-con e-child\" data-id=\"ea36787\" data-element_type=\"container\" data-e-type=\"container\">\n\t\t\t\t<div class=\"elementor-element elementor-element-8d52f9e elementor-view-default elementor-widget elementor-widget-icon\" data-id=\"8d52f9e\" data-element_type=\"widget\" data-e-type=\"widget\" data-widget_type=\"icon.default\">\n\t\t\t\t<div class=\"elementor-widget-container\">\n\t\t\t\t\t\t\t<div class=\"elementor-icon-wrapper\">\n\t\t\t<a class=\"elementor-icon\" href=\"https:\/\/kallkritikbyran.se\/valmyndigheten-om-id-oron-pa-natet-aldrig-hort-talas-om-att-det-hant\/\" target=\"_blank\" rel=\"noopener\">\n\t\t\t<svg aria-hidden=\"true\" class=\"e-font-icon-svg e-fas-arrow-right\" viewBox=\"0 0 448 512\" xmlns=\"http:\/\/www.w3.org\/2000\/svg\"><path d=\"M190.5 66.9l22.2-22.2c9.4-9.4 24.6-9.4 33.9 0L441 239c9.4 9.4 9.4 24.6 0 33.9L246.6 467.3c-9.4 9.4-24.6 9.4-33.9 0l-22.2-22.2c-9.5-9.5-9.3-25 .4-34.3L311.4 296H24c-13.3 0-24-10.7-24-24v-32c0-13.3 10.7-24 24-24h287.4L190.9 101.2c-9.8-9.3-10-24.8-.4-34.3z\"><\/path><\/svg>\t\t\t<\/a>\n\t\t<\/div>\n\t\t\t\t\t\t<\/div>\n\t\t\t\t<\/div>\n\t\t\t\t<\/div>\n\t\t\t\t<\/div>\n\t\t<div class=\"elementor-element elementor-element-e52ece1 e-con-full e-flex e-con e-child\" data-id=\"e52ece1\" data-element_type=\"container\" data-e-type=\"container\">\n\t\t<div class=\"elementor-element elementor-element-05a0900 e-con-full e-flex e-con e-child\" data-id=\"05a0900\" data-element_type=\"container\" data-e-type=\"container\">\n\t\t\t\t<div class=\"elementor-element elementor-element-2d5482f elementor-widget elementor-widget-heading\" data-id=\"2d5482f\" data-element_type=\"widget\" data-e-type=\"widget\" data-widget_type=\"heading.default\">\n\t\t\t\t<div class=\"elementor-widget-container\">\n\t\t\t\t\t<div class=\"elementor-heading-title elementor-size-default\">25 aug<\/div>\t\t\t\t<\/div>\n\t\t\t\t<\/div>\n\t\t\t\t<\/div>\n\t\t<div class=\"elementor-element elementor-element-1d34f13 e-con-full e-flex e-con e-child\" data-id=\"1d34f13\" data-element_type=\"container\" data-e-type=\"container\">\n\t\t\t\t<div class=\"elementor-element elementor-element-6acc609 elementor-widget elementor-widget-heading\" data-id=\"6acc609\" data-element_type=\"widget\" data-e-type=\"widget\" data-widget_type=\"heading.default\">\n\t\t\t\t<div class=\"elementor-widget-container\">\n\t\t\t\t\t<h6 class=\"elementor-heading-title elementor-size-default\"><a href=\"https:\/\/kallkritikbyran.se\/nej-sverige-lanar-inte-en-miljard-kronor-om-dagen\/\" target=\"_blank\" rel=\"noopener\">Nej, Sverige l\u00e5nar inte en miljard kronor om dagen<\/a><\/h6>\t\t\t\t<\/div>\n\t\t\t\t<\/div>\n\t\t\t\t<div class=\"elementor-element elementor-element-ad2ca8e elementor-widget elementor-widget-heading\" data-id=\"ad2ca8e\" data-element_type=\"widget\" data-e-type=\"widget\" data-widget_type=\"heading.default\">\n\t\t\t\t<div class=\"elementor-widget-container\">\n\t\t\t\t\t<div class=\"elementor-heading-title elementor-size-default\"><a href=\"https:\/\/kallkritikbyran.se\/nej-sverige-lanar-inte-en-miljard-kronor-om-dagen\/\" target=\"_blank\" rel=\"noopener\">Under valr\u00f6relsen har p\u00e5st\u00e5enden spridits om att regeringen kontinuerligt l\u00e5nar stora belopp f\u00f6r att finansiera skattes\u00e4nkningar f\u00f6r h\u00f6ginkomsttagare \u2013 men st\u00e4mmer p\u00e5st\u00e5endena?\u200b<\/a><\/div>\t\t\t\t<\/div>\n\t\t\t\t<\/div>\n\t\t\t\t<\/div>\n\t\t<div class=\"elementor-element elementor-element-78b3a82 e-con-full e-flex e-con e-child\" data-id=\"78b3a82\" data-element_type=\"container\" data-e-type=\"container\">\n\t\t\t\t<div class=\"elementor-element elementor-element-54cbd35 elementor-view-default elementor-widget elementor-widget-icon\" data-id=\"54cbd35\" data-element_type=\"widget\" data-e-type=\"widget\" data-widget_type=\"icon.default\">\n\t\t\t\t<div class=\"elementor-widget-container\">\n\t\t\t\t\t\t\t<div class=\"elementor-icon-wrapper\">\n\t\t\t<a class=\"elementor-icon\" href=\"https:\/\/kallkritikbyran.se\/valmyndigheten-om-id-oron-pa-natet-aldrig-hort-talas-om-att-det-hant\/\" target=\"_blank\" rel=\"noopener\">\n\t\t\t<svg aria-hidden=\"true\" class=\"e-font-icon-svg e-fas-arrow-right\" viewBox=\"0 0 448 512\" xmlns=\"http:\/\/www.w3.org\/2000\/svg\"><path d=\"M190.5 66.9l22.2-22.2c9.4-9.4 24.6-9.4 33.9 0L441 239c9.4 9.4 9.4 24.6 0 33.9L246.6 467.3c-9.4 9.4-24.6 9.4-33.9 0l-22.2-22.2c-9.5-9.5-9.3-25 .4-34.3L311.4 296H24c-13.3 0-24-10.7-24-24v-32c0-13.3 10.7-24 24-24h287.4L190.9 101.2c-9.8-9.3-10-24.8-.4-34.3z\"><\/path><\/svg>\t\t\t<\/a>\n\t\t<\/div>\n\t\t\t\t\t\t<\/div>\n\t\t\t\t<\/div>\n\t\t\t\t<\/div>\n\t\t\t\t<\/div>\n\t\t<div class=\"elementor-element elementor-element-9f7706e e-con-full e-flex e-con e-child\" data-id=\"9f7706e\" data-element_type=\"container\" data-e-type=\"container\">\n\t\t<div class=\"elementor-element elementor-element-41a67ed e-con-full e-flex e-con e-child\" data-id=\"41a67ed\" data-element_type=\"container\" data-e-type=\"container\">\n\t\t\t\t<div class=\"elementor-element elementor-element-2fcb6c3 elementor-widget elementor-widget-heading\" data-id=\"2fcb6c3\" data-element_type=\"widget\" data-e-type=\"widget\" data-widget_type=\"heading.default\">\n\t\t\t\t<div class=\"elementor-widget-container\">\n\t\t\t\t\t<div class=\"elementor-heading-title elementor-size-default\">19 aug<\/div>\t\t\t\t<\/div>\n\t\t\t\t<\/div>\n\t\t\t\t<\/div>\n\t\t<div class=\"elementor-element elementor-element-22c9278 e-con-full e-flex e-con e-child\" data-id=\"22c9278\" data-element_type=\"container\" data-e-type=\"container\">\n\t\t\t\t<div class=\"elementor-element elementor-element-dce92b9 elementor-widget elementor-widget-heading\" data-id=\"dce92b9\" data-element_type=\"widget\" data-e-type=\"widget\" data-widget_type=\"heading.default\">\n\t\t\t\t<div class=\"elementor-widget-container\">\n\t\t\t\t\t<h6 class=\"elementor-heading-title elementor-size-default\"><a href=\"https:\/\/kallkritikbyran.se\/valmyndigheten-om-id-oron-pa-natet-aldrig-hort-talas-om-att-det-hant\/\" target=\"_blank\" rel=\"noopener\">Valmyndigheten om id-oron p\u00e5 n\u00e4tet: \u201dAldrig h\u00f6rt talas om att det h\u00e4nt\u201d<\/a><\/h6>\t\t\t\t<\/div>\n\t\t\t\t<\/div>\n\t\t\t\t<div class=\"elementor-element elementor-element-f82237c elementor-widget elementor-widget-heading\" data-id=\"f82237c\" data-element_type=\"widget\" data-e-type=\"widget\" data-widget_type=\"heading.default\">\n\t\t\t\t<div class=\"elementor-widget-container\">\n\t\t\t\t\t<div class=\"elementor-heading-title elementor-size-default\"><a href=\"https:\/\/kallkritikbyran.se\/valmyndigheten-om-id-oron-pa-natet-aldrig-hort-talas-om-att-det-hant\/\" target=\"_blank\" rel=\"noopener\">Valmyndighetens information om att du kan r\u00f6sta utan id har \u00f6verraskat och r\u00f6rt upp k\u00e4nslor i sociala medier. Men det \u00e4r faktiskt resultatet av en 20 \u00e5r gammal lagsk\u00e4rpning.<\/a><\/div>\t\t\t\t<\/div>\n\t\t\t\t<\/div>\n\t\t\t\t<\/div>\n\t\t<div class=\"elementor-element elementor-element-4e7b775 e-con-full e-flex e-con e-child\" data-id=\"4e7b775\" data-element_type=\"container\" data-e-type=\"container\">\n\t\t\t\t<div class=\"elementor-element elementor-element-f0b756d elementor-view-default elementor-widget elementor-widget-icon\" data-id=\"f0b756d\" data-element_type=\"widget\" data-e-type=\"widget\" data-widget_type=\"icon.default\">\n\t\t\t\t<div class=\"elementor-widget-container\">\n\t\t\t\t\t\t\t<div class=\"elementor-icon-wrapper\">\n\t\t\t<a class=\"elementor-icon\" href=\"https:\/\/kallkritikbyran.se\/valmyndigheten-om-id-oron-pa-natet-aldrig-hort-talas-om-att-det-hant\/\" target=\"_blank\" rel=\"noopener\">\n\t\t\t<svg aria-hidden=\"true\" class=\"e-font-icon-svg e-fas-arrow-right\" viewBox=\"0 0 448 512\" xmlns=\"http:\/\/www.w3.org\/2000\/svg\"><path d=\"M190.5 66.9l22.2-22.2c9.4-9.4 24.6-9.4 33.9 0L441 239c9.4 9.4 9.4 24.6 0 33.9L246.6 467.3c-9.4 9.4-24.6 9.4-33.9 0l-22.2-22.2c-9.5-9.5-9.3-25 .4-34.3L311.4 296H24c-13.3 0-24-10.7-24-24v-32c0-13.3 10.7-24 24-24h287.4L190.9 101.2c-9.8-9.3-10-24.8-.4-34.3z\"><\/path><\/svg>\t\t\t<\/a>\n\t\t<\/div>\n\t\t\t\t\t\t<\/div>\n\t\t\t\t<\/div>\n\t\t\t\t<\/div>\n\t\t\t\t<\/div>\n\t\t<div class=\"elementor-element elementor-element-7e9407c e-con-full e-flex e-con e-child\" data-id=\"7e9407c\" data-element_type=\"container\" data-e-type=\"container\">\n\t\t<div class=\"elementor-element elementor-element-7473c00 e-con-full e-flex e-con e-child\" data-id=\"7473c00\" data-element_type=\"container\" data-e-type=\"container\">\n\t\t\t\t<div class=\"elementor-element elementor-element-ea2c540 elementor-widget elementor-widget-heading\" data-id=\"ea2c540\" data-element_type=\"widget\" data-e-type=\"widget\" data-widget_type=\"heading.default\">\n\t\t\t\t<div class=\"elementor-widget-container\">\n\t\t\t\t\t<div class=\"elementor-heading-title elementor-size-default\">9 aug<\/div>\t\t\t\t<\/div>\n\t\t\t\t<\/div>\n\t\t\t\t<\/div>\n\t\t<div class=\"elementor-element elementor-element-a2c4c3f e-con-full e-flex e-con e-child\" data-id=\"a2c4c3f\" data-element_type=\"container\" data-e-type=\"container\">\n\t\t\t\t<div class=\"elementor-element elementor-element-bb1000b elementor-widget elementor-widget-heading\" data-id=\"bb1000b\" data-element_type=\"widget\" data-e-type=\"widget\" data-widget_type=\"heading.default\">\n\t\t\t\t<div class=\"elementor-widget-container\">\n\t\t\t\t\t<h6 class=\"elementor-heading-title elementor-size-default\"><a href=\"https:\/\/kallkritikbyran.se\/bluffar-och-vilseledning-i-den-svenska-valrorelsen\/\" target=\"_blank\" rel=\"noopener\">Bluffar och vilseledning i den svenska valr\u00f6relsen<\/a><\/h6>\t\t\t\t<\/div>\n\t\t\t\t<\/div>\n\t\t\t\t<div class=\"elementor-element elementor-element-2edf71f elementor-widget elementor-widget-heading\" data-id=\"2edf71f\" data-element_type=\"widget\" data-e-type=\"widget\" data-widget_type=\"heading.default\">\n\t\t\t\t<div class=\"elementor-widget-container\">\n\t\t\t\t\t<div class=\"elementor-heading-title elementor-size-default\"><a href=\"https:\/\/kallkritikbyran.se\/bluffar-och-vilseledning-i-den-svenska-valrorelsen\/\" target=\"_blank\" rel=\"noopener\">AI-genererat klickbete, fejkade valaffischer och klassiska halvsanningar fr\u00e5n politiker \u2013 h\u00e4r hittar du den stora genomg\u00e5ngen av valr\u00f6relsens fejk och f\u00f6rvr\u00e4ngningar.<\/a><\/div>\t\t\t\t<\/div>\n\t\t\t\t<\/div>\n\t\t\t\t<\/div>\n\t\t<div class=\"elementor-element elementor-element-c339f44 e-con-full e-flex e-con e-child\" data-id=\"c339f44\" data-element_type=\"container\" data-e-type=\"container\">\n\t\t\t\t<div class=\"elementor-element elementor-element-1ed874d elementor-view-default elementor-widget elementor-widget-icon\" data-id=\"1ed874d\" data-element_type=\"widget\" data-e-type=\"widget\" data-widget_type=\"icon.default\">\n\t\t\t\t<div class=\"elementor-widget-container\">\n\t\t\t\t\t\t\t<div class=\"elementor-icon-wrapper\">\n\t\t\t<a class=\"elementor-icon\" href=\"https:\/\/kallkritikbyran.se\/bluffar-och-vilseledning-i-den-svenska-valrorelsen\/\" target=\"_blank\" rel=\"noopener\">\n\t\t\t<svg aria-hidden=\"true\" class=\"e-font-icon-svg e-fas-arrow-right\" viewBox=\"0 0 448 512\" xmlns=\"http:\/\/www.w3.org\/2000\/svg\"><path d=\"M190.5 66.9l22.2-22.2c9.4-9.4 24.6-9.4 33.9 0L441 239c9.4 9.4 9.4 24.6 0 33.9L246.6 467.3c-9.4 9.4-24.6 9.4-33.9 0l-22.2-22.2c-9.5-9.5-9.3-25 .4-34.3L311.4 296H24c-13.3 0-24-10.7-24-24v-32c0-13.3 10.7-24 24-24h287.4L190.9 101.2c-9.8-9.3-10-24.8-.4-34.3z\"><\/path><\/svg>\t\t\t<\/a>\n\t\t<\/div>\n\t\t\t\t\t\t<\/div>\n\t\t\t\t<\/div>\n\t\t\t\t<\/div>\n\t\t\t\t<\/div>\n\t\t<div class=\"elementor-element elementor-element-a6f3b2d e-con-full e-flex e-con e-child\" data-id=\"a6f3b2d\" data-element_type=\"container\" data-e-type=\"container\">\n\t\t<div class=\"elementor-element elementor-element-57d9830 e-con-full e-flex e-con e-child\" data-id=\"57d9830\" data-element_type=\"container\" data-e-type=\"container\">\n\t\t\t\t<div class=\"elementor-element elementor-element-352c510 elementor-widget elementor-widget-heading\" data-id=\"352c510\" data-element_type=\"widget\" data-e-type=\"widget\" data-widget_type=\"heading.default\">\n\t\t\t\t<div class=\"elementor-widget-container\">\n\t\t\t\t\t<div class=\"elementor-heading-title elementor-size-default\">7 juli<\/div>\t\t\t\t<\/div>\n\t\t\t\t<\/div>\n\t\t\t\t<\/div>\n\t\t<div class=\"elementor-element elementor-element-5be3b84 e-con-full e-flex e-con e-child\" data-id=\"5be3b84\" data-element_type=\"container\" data-e-type=\"container\">\n\t\t\t\t<div class=\"elementor-element elementor-element-a5b2375 elementor-widget elementor-widget-heading\" data-id=\"a5b2375\" data-element_type=\"widget\" data-e-type=\"widget\" data-widget_type=\"heading.default\">\n\t\t\t\t<div class=\"elementor-widget-container\">\n\t\t\t\t\t<h6 class=\"elementor-heading-title elementor-size-default\"><a href=\"https:\/\/kallkritikbyran.se\/fejkad-bild-sprids-pa-lakare-i-demonstration-vid-karolinska\/\" target=\"_blank\" rel=\"noopener\">Fejkad bild sprids p\u00e5 l\u00e4kare i demonstration vid Karolinska<\/a><\/h6>\t\t\t\t<\/div>\n\t\t\t\t<\/div>\n\t\t\t\t<div class=\"elementor-element elementor-element-66f99f9 elementor-widget elementor-widget-heading\" data-id=\"66f99f9\" data-element_type=\"widget\" data-e-type=\"widget\" data-widget_type=\"heading.default\">\n\t\t\t\t<div class=\"elementor-widget-container\">\n\t\t\t\t\t<div class=\"elementor-heading-title elementor-size-default\"><a href=\"https:\/\/kallkritikbyran.se\/fejkad-bild-sprids-pa-lakare-i-demonstration-vid-karolinska\/\" target=\"_blank\" rel=\"noopener\">Manipulerade bilder sprids i sociala medier efter en demonstration utanf\u00f6r Karolinska i Solna. P\u00e5 en av bilderna har Hamas-tecken och flaggor lagts till.<\/a><\/div>\t\t\t\t<\/div>\n\t\t\t\t<\/div>\n\t\t\t\t<\/div>\n\t\t<div class=\"elementor-element elementor-element-e84aa2f e-con-full e-flex e-con e-child\" data-id=\"e84aa2f\" data-element_type=\"container\" data-e-type=\"container\">\n\t\t\t\t<div class=\"elementor-element elementor-element-c96021a elementor-view-default elementor-widget elementor-widget-icon\" data-id=\"c96021a\" data-element_type=\"widget\" data-e-type=\"widget\" data-widget_type=\"icon.default\">\n\t\t\t\t<div class=\"elementor-widget-container\">\n\t\t\t\t\t\t\t<div class=\"elementor-icon-wrapper\">\n\t\t\t<a class=\"elementor-icon\" href=\"https:\/\/kallkritikbyran.se\/fejkad-bild-sprids-pa-lakare-i-demonstration-vid-karolinska\/\" target=\"_blank\" rel=\"noopener\">\n\t\t\t<svg aria-hidden=\"true\" class=\"e-font-icon-svg e-fas-arrow-right\" viewBox=\"0 0 448 512\" xmlns=\"http:\/\/www.w3.org\/2000\/svg\"><path d=\"M190.5 66.9l22.2-22.2c9.4-9.4 24.6-9.4 33.9 0L441 239c9.4 9.4 9.4 24.6 0 33.9L246.6 467.3c-9.4 9.4-24.6 9.4-33.9 0l-22.2-22.2c-9.5-9.5-9.3-25 .4-34.3L311.4 296H24c-13.3 0-24-10.7-24-24v-32c0-13.3 10.7-24 24-24h287.4L190.9 101.2c-9.8-9.3-10-24.8-.4-34.3z\"><\/path><\/svg>\t\t\t<\/a>\n\t\t<\/div>\n\t\t\t\t\t\t<\/div>\n\t\t\t\t<\/div>\n\t\t\t\t<\/div>\n\t\t\t\t<\/div>\n\t\t<div class=\"elementor-element elementor-element-a333525 e-con-full e-flex e-con e-child\" data-id=\"a333525\" data-element_type=\"container\" data-e-type=\"container\">\n\t\t<div class=\"elementor-element elementor-element-55dffbf e-con-full e-flex e-con e-child\" data-id=\"55dffbf\" data-element_type=\"container\" data-e-type=\"container\">\n\t\t\t\t<div class=\"elementor-element elementor-element-5f68f21 elementor-widget elementor-widget-heading\" data-id=\"5f68f21\" data-element_type=\"widget\" data-e-type=\"widget\" data-widget_type=\"heading.default\">\n\t\t\t\t<div class=\"elementor-widget-container\">\n\t\t\t\t\t<div class=\"elementor-heading-title elementor-size-default\">1 juli<\/div>\t\t\t\t<\/div>\n\t\t\t\t<\/div>\n\t\t\t\t<\/div>\n\t\t<div class=\"elementor-element elementor-element-0dd35be e-con-full e-flex e-con e-child\" data-id=\"0dd35be\" data-element_type=\"container\" data-e-type=\"container\">\n\t\t\t\t<div class=\"elementor-element elementor-element-a871401 elementor-widget elementor-widget-heading\" data-id=\"a871401\" data-element_type=\"widget\" data-e-type=\"widget\" data-widget_type=\"heading.default\">\n\t\t\t\t<div class=\"elementor-widget-container\">\n\t\t\t\t\t<h6 class=\"elementor-heading-title elementor-size-default\"><a href=\"https:\/\/kallkritikbyran.se\/har-ar-politiken-som-lett-fram-till-de-kritiserade-tonarsutvisningarna\/\" target=\"_blank\" rel=\"noopener\">H\u00e4r \u00e4r politiken som lett fram till de kritiserade ton\u00e5rsutvisningarna<\/a><\/h6>\t\t\t\t<\/div>\n\t\t\t\t<\/div>\n\t\t\t\t<div class=\"elementor-element elementor-element-890ec70 elementor-widget elementor-widget-heading\" data-id=\"890ec70\" data-element_type=\"widget\" data-e-type=\"widget\" data-widget_type=\"heading.default\">\n\t\t\t\t<div class=\"elementor-widget-container\">\n\t\t\t\t\t<div class=\"elementor-heading-title elementor-size-default\"><a href=\"https:\/\/kallkritikbyran.se\/har-ar-politiken-som-lett-fram-till-de-kritiserade-tonarsutvisningarna\/\" target=\"_blank\" rel=\"noopener\">Ebba Busch skyllde ton\u00e5rsutvisningarna p\u00e5 S och fick h\u00e5rd kritik \u2013 K\u00e4llkritikbyr\u00e5n g\u00e5r igenom vems politik det var som lett fram till dagens situation.<\/a><\/div>\t\t\t\t<\/div>\n\t\t\t\t<\/div>\n\t\t\t\t<\/div>\n\t\t<div class=\"elementor-element elementor-element-e8c7307 e-con-full e-flex e-con e-child\" data-id=\"e8c7307\" data-element_type=\"container\" data-e-type=\"container\">\n\t\t\t\t<div class=\"elementor-element elementor-element-e7326d3 elementor-view-default elementor-widget elementor-widget-icon\" data-id=\"e7326d3\" data-element_type=\"widget\" data-e-type=\"widget\" data-widget_type=\"icon.default\">\n\t\t\t\t<div class=\"elementor-widget-container\">\n\t\t\t\t\t\t\t<div class=\"elementor-icon-wrapper\">\n\t\t\t<a class=\"elementor-icon\" href=\"https:\/\/kallkritikbyran.se\/har-ar-politiken-som-lett-fram-till-de-kritiserade-tonarsutvisningarna\/\" target=\"_blank\" rel=\"noopener\">\n\t\t\t<svg aria-hidden=\"true\" class=\"e-font-icon-svg e-fas-arrow-right\" viewBox=\"0 0 448 512\" xmlns=\"http:\/\/www.w3.org\/2000\/svg\"><path d=\"M190.5 66.9l22.2-22.2c9.4-9.4 24.6-9.4 33.9 0L441 239c9.4 9.4 9.4 24.6 0 33.9L246.6 467.3c-9.4 9.4-24.6 9.4-33.9 0l-22.2-22.2c-9.5-9.5-9.3-25 .4-34.3L311.4 296H24c-13.3 0-24-10.7-24-24v-32c0-13.3 10.7-24 24-24h287.4L190.9 101.2c-9.8-9.3-10-24.8-.4-34.3z\"><\/path><\/svg>\t\t\t<\/a>\n\t\t<\/div>\n\t\t\t\t\t\t<\/div>\n\t\t\t\t<\/div>\n\t\t\t\t<\/div>\n\t\t\t\t<\/div>\n\t\t<div class=\"elementor-element elementor-element-d9d2139 e-con-full e-flex e-con e-child\" data-id=\"d9d2139\" data-element_type=\"container\" data-e-type=\"container\">\n\t\t<div class=\"elementor-element elementor-element-218d0f4 e-con-full e-flex e-con e-child\" data-id=\"218d0f4\" data-element_type=\"container\" data-e-type=\"container\">\n\t\t\t\t<div class=\"elementor-element elementor-element-1b13e8d elementor-widget elementor-widget-heading\" data-id=\"1b13e8d\" data-element_type=\"widget\" data-e-type=\"widget\" data-widget_type=\"heading.default\">\n\t\t\t\t<div class=\"elementor-widget-container\">\n\t\t\t\t\t<div class=\"elementor-heading-title elementor-size-default\">10 juni<\/div>\t\t\t\t<\/div>\n\t\t\t\t<\/div>\n\t\t\t\t<\/div>\n\t\t<div class=\"elementor-element elementor-element-7aa62f0 e-con-full e-flex e-con e-child\" data-id=\"7aa62f0\" data-element_type=\"container\" data-e-type=\"container\">\n\t\t\t\t<div class=\"elementor-element elementor-element-1d19f06 elementor-widget elementor-widget-heading\" data-id=\"1d19f06\" data-element_type=\"widget\" data-e-type=\"widget\" data-widget_type=\"heading.default\">\n\t\t\t\t<div class=\"elementor-widget-container\">\n\t\t\t\t\t<h6 class=\"elementor-heading-title elementor-size-default\"><a href=\"https:\/\/kallkritikbyran.se\/sa-agerar-pro-ryska-hackare-i-norden\/\" target=\"_blank\" rel=\"noopener\">S\u00e5 agerar pro-ryska hackare i Norden<\/a><\/h6>\t\t\t\t<\/div>\n\t\t\t\t<\/div>\n\t\t\t\t<div class=\"elementor-element elementor-element-a45929f elementor-widget elementor-widget-heading\" data-id=\"a45929f\" data-element_type=\"widget\" data-e-type=\"widget\" data-widget_type=\"heading.default\">\n\t\t\t\t<div class=\"elementor-widget-container\">\n\t\t\t\t\t<div class=\"elementor-heading-title elementor-size-default\"><a href=\"https:\/\/kallkritikbyran.se\/sa-agerar-pro-ryska-hackare-i-norden\/\" target=\"_blank\" rel=\"noopener\">N\u00e4r Sverige, Danmark, Norge och Finland g\u00e5r emot Rysslands intressen eller h\u00e5ller demokratiska val s\u00e5 f\u00f6rs\u00f6ker pro-ryska \u201dhacktivister\u201d st\u00f6ra och f\u00f6rst\u00f6ra i l\u00e4nderna \u2013 NORDIS har f\u00f6ljt hackarnas aktiviteter.<\/a><\/div>\t\t\t\t<\/div>\n\t\t\t\t<\/div>\n\t\t\t\t<\/div>\n\t\t<div class=\"elementor-element elementor-element-9d09086 e-con-full e-flex e-con e-child\" data-id=\"9d09086\" data-element_type=\"container\" data-e-type=\"container\">\n\t\t\t\t<div class=\"elementor-element elementor-element-0251ca1 elementor-view-default elementor-widget elementor-widget-icon\" data-id=\"0251ca1\" data-element_type=\"widget\" data-e-type=\"widget\" data-widget_type=\"icon.default\">\n\t\t\t\t<div class=\"elementor-widget-container\">\n\t\t\t\t\t\t\t<div class=\"elementor-icon-wrapper\">\n\t\t\t<a class=\"elementor-icon\" href=\"https:\/\/kallkritikbyran.se\/sa-agerar-pro-ryska-hackare-i-norden\/\" target=\"_blank\" rel=\"noopener\">\n\t\t\t<svg aria-hidden=\"true\" class=\"e-font-icon-svg e-fas-arrow-right\" viewBox=\"0 0 448 512\" xmlns=\"http:\/\/www.w3.org\/2000\/svg\"><path d=\"M190.5 66.9l22.2-22.2c9.4-9.4 24.6-9.4 33.9 0L441 239c9.4 9.4 9.4 24.6 0 33.9L246.6 467.3c-9.4 9.4-24.6 9.4-33.9 0l-22.2-22.2c-9.5-9.5-9.3-25 .4-34.3L311.4 296H24c-13.3 0-24-10.7-24-24v-32c0-13.3 10.7-24 24-24h287.4L190.9 101.2c-9.8-9.3-10-24.8-.4-34.3z\"><\/path><\/svg>\t\t\t<\/a>\n\t\t<\/div>\n\t\t\t\t\t\t<\/div>\n\t\t\t\t<\/div>\n\t\t\t\t<\/div>\n\t\t\t\t<\/div>\n\t\t<div class=\"elementor-element elementor-element-2a03fa3 e-con-full e-flex e-con e-child\" data-id=\"2a03fa3\" data-element_type=\"container\" data-e-type=\"container\">\n\t\t<div class=\"elementor-element elementor-element-a39a24c e-con-full e-flex e-con e-child\" data-id=\"a39a24c\" data-element_type=\"container\" data-e-type=\"container\">\n\t\t\t\t<div class=\"elementor-element elementor-element-2d24612 elementor-widget elementor-widget-heading\" data-id=\"2d24612\" data-element_type=\"widget\" data-e-type=\"widget\" data-widget_type=\"heading.default\">\n\t\t\t\t<div class=\"elementor-widget-container\">\n\t\t\t\t\t<div class=\"elementor-heading-title elementor-size-default\">5 juni<\/div>\t\t\t\t<\/div>\n\t\t\t\t<\/div>\n\t\t\t\t<\/div>\n\t\t<div class=\"elementor-element elementor-element-1d8dd6e e-con-full e-flex e-con e-child\" data-id=\"1d8dd6e\" data-element_type=\"container\" data-e-type=\"container\">\n\t\t\t\t<div class=\"elementor-element elementor-element-1af9d35 elementor-widget elementor-widget-heading\" data-id=\"1af9d35\" data-element_type=\"widget\" data-e-type=\"widget\" data-widget_type=\"heading.default\">\n\t\t\t\t<div class=\"elementor-widget-container\">\n\t\t\t\t\t<h6 class=\"elementor-heading-title elementor-size-default\"><a href=\"https:\/\/kallkritikbyran.se\/fran-s-tidning-till-fejkad-citatbild-sa-forvrangdes-beatrice-asks-ord\/\" target=\"_blank\" rel=\"noopener\">Fr\u00e5n S-tidning till fejkad citatbild \u2013 s\u00e5 f\u00f6rvr\u00e4ngdes Beatrice Asks ord<\/a><\/h6>\t\t\t\t<\/div>\n\t\t\t\t<\/div>\n\t\t\t\t<div class=\"elementor-element elementor-element-7ad59b8 elementor-widget elementor-widget-heading\" data-id=\"7ad59b8\" data-element_type=\"widget\" data-e-type=\"widget\" data-widget_type=\"heading.default\">\n\t\t\t\t<div class=\"elementor-widget-container\">\n\t\t\t\t\t<div class=\"elementor-heading-title elementor-size-default\"><a href=\"https:\/\/kallkritikbyran.se\/fran-s-tidning-till-fejkad-citatbild-sa-forvrangdes-beatrice-asks-ord\/\" target=\"_blank\" rel=\"noopener\">En bild sprids i sociala medier d\u00e4r Sveriges tidigare justitieminister Beatrice Ask p\u00e5st\u00e5s ha d\u00f6mt ut sin partikollega Ulf Kristersson med en dr\u00e4pande replik \u2013 men Asks \u201dkommentar\u201d st\u00e4mmer inte.<\/a><\/div>\t\t\t\t<\/div>\n\t\t\t\t<\/div>\n\t\t\t\t<\/div>\n\t\t<div class=\"elementor-element elementor-element-457a861 e-con-full e-flex e-con e-child\" data-id=\"457a861\" data-element_type=\"container\" data-e-type=\"container\">\n\t\t\t\t<div class=\"elementor-element elementor-element-056983a elementor-view-default elementor-widget elementor-widget-icon\" data-id=\"056983a\" data-element_type=\"widget\" data-e-type=\"widget\" data-widget_type=\"icon.default\">\n\t\t\t\t<div class=\"elementor-widget-container\">\n\t\t\t\t\t\t\t<div class=\"elementor-icon-wrapper\">\n\t\t\t<a class=\"elementor-icon\" href=\"https:\/\/kallkritikbyran.se\/fran-s-tidning-till-fejkad-citatbild-sa-forvrangdes-beatrice-asks-ord\/\" target=\"_blank\" rel=\"noopener\">\n\t\t\t<svg aria-hidden=\"true\" class=\"e-font-icon-svg e-fas-arrow-right\" viewBox=\"0 0 448 512\" xmlns=\"http:\/\/www.w3.org\/2000\/svg\"><path d=\"M190.5 66.9l22.2-22.2c9.4-9.4 24.6-9.4 33.9 0L441 239c9.4 9.4 9.4 24.6 0 33.9L246.6 467.3c-9.4 9.4-24.6 9.4-33.9 0l-22.2-22.2c-9.5-9.5-9.3-25 .4-34.3L311.4 296H24c-13.3 0-24-10.7-24-24v-32c0-13.3 10.7-24 24-24h287.4L190.9 101.2c-9.8-9.3-10-24.8-.4-34.3z\"><\/path><\/svg>\t\t\t<\/a>\n\t\t<\/div>\n\t\t\t\t\t\t<\/div>\n\t\t\t\t<\/div>\n\t\t\t\t<\/div>\n\t\t\t\t<\/div>\n\t\t<div class=\"elementor-element elementor-element-b7f6a7a e-con-full e-flex e-con e-child\" data-id=\"b7f6a7a\" data-element_type=\"container\" data-e-type=\"container\">\n\t\t<div class=\"elementor-element elementor-element-469a07e e-con-full e-flex e-con e-child\" data-id=\"469a07e\" data-element_type=\"container\" data-e-type=\"container\">\n\t\t\t\t<div class=\"elementor-element elementor-element-beca88a elementor-widget elementor-widget-heading\" data-id=\"beca88a\" data-element_type=\"widget\" data-e-type=\"widget\" data-widget_type=\"heading.default\">\n\t\t\t\t<div class=\"elementor-widget-container\">\n\t\t\t\t\t<div class=\"elementor-heading-title elementor-size-default\">27 maj<\/div>\t\t\t\t<\/div>\n\t\t\t\t<\/div>\n\t\t\t\t<\/div>\n\t\t<div class=\"elementor-element elementor-element-c969756 e-con-full e-flex e-con e-child\" data-id=\"c969756\" data-element_type=\"container\" data-e-type=\"container\">\n\t\t\t\t<div class=\"elementor-element elementor-element-56a4fec elementor-widget elementor-widget-heading\" data-id=\"56a4fec\" data-element_type=\"widget\" data-e-type=\"widget\" data-widget_type=\"heading.default\">\n\t\t\t\t<div class=\"elementor-widget-container\">\n\t\t\t\t\t<h6 class=\"elementor-heading-title elementor-size-default\"><a href=\"https:\/\/kallkritikbyran.se\/de-fyller-facebook-med-fejkade-historier-fran-valrorelsen\/\" target=\"_blank\" rel=\"noopener\">De fyller Facebook med fejkade historier fr\u00e5n valr\u00f6relsen<\/a><\/h6>\t\t\t\t<\/div>\n\t\t\t\t<\/div>\n\t\t\t\t<div class=\"elementor-element elementor-element-ced2b8a elementor-widget elementor-widget-heading\" data-id=\"ced2b8a\" data-element_type=\"widget\" data-e-type=\"widget\" data-widget_type=\"heading.default\">\n\t\t\t\t<div class=\"elementor-widget-container\">\n\t\t\t\t\t<div class=\"elementor-heading-title elementor-size-default\"><a href=\"https:\/\/kallkritikbyran.se\/de-fyller-facebook-med-fejkade-historier-fran-valrorelsen\/\" target=\"_blank\" rel=\"noopener\">Hyllningar, hj\u00e4ltehistorier och dr\u00e4pande svar p\u00e5 tal i direkts\u00e4ndningar \u2013 nu har de vietnamesiska klickbetessidorna gett sig i kast med den svenska valr\u00f6relsen.<\/a><\/div>\t\t\t\t<\/div>\n\t\t\t\t<\/div>\n\t\t\t\t<\/div>\n\t\t<div class=\"elementor-element elementor-element-cdd2fcf e-con-full e-flex e-con e-child\" data-id=\"cdd2fcf\" data-element_type=\"container\" data-e-type=\"container\">\n\t\t\t\t<div class=\"elementor-element elementor-element-98c7345 elementor-view-default elementor-widget elementor-widget-icon\" data-id=\"98c7345\" data-element_type=\"widget\" data-e-type=\"widget\" data-widget_type=\"icon.default\">\n\t\t\t\t<div class=\"elementor-widget-container\">\n\t\t\t\t\t\t\t<div class=\"elementor-icon-wrapper\">\n\t\t\t<a class=\"elementor-icon\" href=\"https:\/\/kallkritikbyran.se\/de-fyller-facebook-med-fejkade-historier-fran-valrorelsen\/\" target=\"_blank\" rel=\"noopener\">\n\t\t\t<svg aria-hidden=\"true\" class=\"e-font-icon-svg e-fas-arrow-right\" viewBox=\"0 0 448 512\" xmlns=\"http:\/\/www.w3.org\/2000\/svg\"><path d=\"M190.5 66.9l22.2-22.2c9.4-9.4 24.6-9.4 33.9 0L441 239c9.4 9.4 9.4 24.6 0 33.9L246.6 467.3c-9.4 9.4-24.6 9.4-33.9 0l-22.2-22.2c-9.5-9.5-9.3-25 .4-34.3L311.4 296H24c-13.3 0-24-10.7-24-24v-32c0-13.3 10.7-24 24-24h287.4L190.9 101.2c-9.8-9.3-10-24.8-.4-34.3z\"><\/path><\/svg>\t\t\t<\/a>\n\t\t<\/div>\n\t\t\t\t\t\t<\/div>\n\t\t\t\t<\/div>\n\t\t\t\t<\/div>\n\t\t\t\t<\/div>\n\t\t<div class=\"elementor-element elementor-element-cf27919 e-con-full e-flex e-con e-child\" data-id=\"cf27919\" data-element_type=\"container\" data-e-type=\"container\">\n\t\t<div class=\"elementor-element elementor-element-5cc671c e-con-full e-flex e-con e-child\" data-id=\"5cc671c\" data-element_type=\"container\" data-e-type=\"container\">\n\t\t\t\t<div class=\"elementor-element elementor-element-92fabbb elementor-widget elementor-widget-heading\" data-id=\"92fabbb\" data-element_type=\"widget\" data-e-type=\"widget\" data-widget_type=\"heading.default\">\n\t\t\t\t<div class=\"elementor-widget-container\">\n\t\t\t\t\t<div class=\"elementor-heading-title elementor-size-default\">15 maj<\/div>\t\t\t\t<\/div>\n\t\t\t\t<\/div>\n\t\t\t\t<\/div>\n\t\t<div class=\"elementor-element elementor-element-7af56b2 e-con-full e-flex e-con e-child\" data-id=\"7af56b2\" data-element_type=\"container\" data-e-type=\"container\">\n\t\t\t\t<div class=\"elementor-element elementor-element-1471547 elementor-widget elementor-widget-heading\" data-id=\"1471547\" data-element_type=\"widget\" data-e-type=\"widget\" data-widget_type=\"heading.default\">\n\t\t\t\t<div class=\"elementor-widget-container\">\n\t\t\t\t\t<h6 class=\"elementor-heading-title elementor-size-default\"><a href=\"https:\/\/kallkritikbyran.se\/nej-de-har-bilderna-visar-inte-jimmie-akesson-som-nybliven-pappa\/\" target=\"_blank\" rel=\"noopener\">Nej, de h\u00e4r bilderna visar inte Jimmie \u00c5kesson som nybliven pappa<\/a><\/h6>\t\t\t\t<\/div>\n\t\t\t\t<\/div>\n\t\t\t\t<div class=\"elementor-element elementor-element-a0a4c5c elementor-widget elementor-widget-heading\" data-id=\"a0a4c5c\" data-element_type=\"widget\" data-e-type=\"widget\" data-widget_type=\"heading.default\">\n\t\t\t\t<div class=\"elementor-widget-container\">\n\t\t\t\t\t<div class=\"elementor-heading-title elementor-size-default\"><a href=\"https:\/\/kallkritikbyran.se\/nej-de-har-bilderna-visar-inte-jimmie-akesson-som-nybliven-pappa\/\" target=\"_blank\" rel=\"noopener\">Klickbetessidor sprider AI-genererade bilder p\u00e5 svenska politiker med p\u00e5st\u00e5enden om att de blivit f\u00f6r\u00e4ldrar, d\u00e4ribland Jimmie \u00c5kesson (SD) och Magdalena Andersson (S).<\/a><\/div>\t\t\t\t<\/div>\n\t\t\t\t<\/div>\n\t\t\t\t<\/div>\n\t\t<div class=\"elementor-element elementor-element-6cc0521 e-con-full e-flex e-con e-child\" data-id=\"6cc0521\" data-element_type=\"container\" data-e-type=\"container\">\n\t\t\t\t<div class=\"elementor-element elementor-element-d8d45ae elementor-view-default elementor-widget elementor-widget-icon\" data-id=\"d8d45ae\" data-element_type=\"widget\" data-e-type=\"widget\" data-widget_type=\"icon.default\">\n\t\t\t\t<div class=\"elementor-widget-container\">\n\t\t\t\t\t\t\t<div class=\"elementor-icon-wrapper\">\n\t\t\t<a class=\"elementor-icon\" href=\"https:\/\/kallkritikbyran.se\/nej-de-har-bilderna-visar-inte-jimmie-akesson-som-nybliven-pappa\/\" target=\"_blank\" rel=\"noopener\">\n\t\t\t<svg aria-hidden=\"true\" class=\"e-font-icon-svg e-fas-arrow-right\" viewBox=\"0 0 448 512\" xmlns=\"http:\/\/www.w3.org\/2000\/svg\"><path d=\"M190.5 66.9l22.2-22.2c9.4-9.4 24.6-9.4 33.9 0L441 239c9.4 9.4 9.4 24.6 0 33.9L246.6 467.3c-9.4 9.4-24.6 9.4-33.9 0l-22.2-22.2c-9.5-9.5-9.3-25 .4-34.3L311.4 296H24c-13.3 0-24-10.7-24-24v-32c0-13.3 10.7-24 24-24h287.4L190.9 101.2c-9.8-9.3-10-24.8-.4-34.3z\"><\/path><\/svg>\t\t\t<\/a>\n\t\t<\/div>\n\t\t\t\t\t\t<\/div>\n\t\t\t\t<\/div>\n\t\t\t\t<\/div>\n\t\t\t\t<\/div>\n\t\t<div class=\"elementor-element elementor-element-1075cf8 e-con-full e-flex e-con e-child\" data-id=\"1075cf8\" data-element_type=\"container\" data-e-type=\"container\">\n\t\t<div class=\"elementor-element elementor-element-64195f1 e-con-full e-flex e-con e-child\" data-id=\"64195f1\" data-element_type=\"container\" data-e-type=\"container\">\n\t\t\t\t<div class=\"elementor-element elementor-element-de09d51 elementor-widget elementor-widget-heading\" data-id=\"de09d51\" data-element_type=\"widget\" data-e-type=\"widget\" data-widget_type=\"heading.default\">\n\t\t\t\t<div class=\"elementor-widget-container\">\n\t\t\t\t\t<div class=\"elementor-heading-title elementor-size-default\">12 maj<\/div>\t\t\t\t<\/div>\n\t\t\t\t<\/div>\n\t\t\t\t<\/div>\n\t\t<div class=\"elementor-element elementor-element-cd1e2fc e-con-full e-flex e-con e-child\" data-id=\"cd1e2fc\" data-element_type=\"container\" data-e-type=\"container\">\n\t\t\t\t<div class=\"elementor-element elementor-element-6bd89dd elementor-widget elementor-widget-heading\" data-id=\"6bd89dd\" data-element_type=\"widget\" data-e-type=\"widget\" data-widget_type=\"heading.default\">\n\t\t\t\t<div class=\"elementor-widget-container\">\n\t\t\t\t\t<h6 class=\"elementor-heading-title elementor-size-default\"><a href=\"https:\/\/kallkritikbyran.se\/fejkade-valaffischer-och-falska-citat-sa-forvrangs-politikernas-budskap\/\" target=\"_blank\" rel=\"noopener\">Fejkade valaffischer och falska citat \u2013 s\u00e5 f\u00f6rvr\u00e4ngs politikernas budskap<\/a><\/h6>\t\t\t\t<\/div>\n\t\t\t\t<\/div>\n\t\t\t\t<div class=\"elementor-element elementor-element-bd42df5 elementor-widget elementor-widget-heading\" data-id=\"bd42df5\" data-element_type=\"widget\" data-e-type=\"widget\" data-widget_type=\"heading.default\">\n\t\t\t\t<div class=\"elementor-widget-container\">\n\t\t\t\t\t<div class=\"elementor-heading-title elementor-size-default\"><a href=\"https:\/\/kallkritikbyran.se\/fejkade-valaffischer-och-falska-citat-sa-forvrangs-politikernas-budskap\/\" target=\"_blank\" rel=\"noopener\">Valaffischer \u00e4r bra verktyg f\u00f6r politiker \u2013 men det \u00e4r ocks\u00e5 en \u00f6ppning f\u00f6r deras motst\u00e5ndare att skapa parodier. Vi tittar n\u00e4rmare p\u00e5 fejkade valaffischer som sprids p\u00e5 n\u00e4tet.<\/a><\/div>\t\t\t\t<\/div>\n\t\t\t\t<\/div>\n\t\t\t\t<\/div>\n\t\t<div class=\"elementor-element elementor-element-c2452bc e-con-full e-flex e-con e-child\" data-id=\"c2452bc\" data-element_type=\"container\" data-e-type=\"container\">\n\t\t\t\t<div class=\"elementor-element elementor-element-160faf9 elementor-view-default elementor-widget elementor-widget-icon\" data-id=\"160faf9\" data-element_type=\"widget\" data-e-type=\"widget\" data-widget_type=\"icon.default\">\n\t\t\t\t<div class=\"elementor-widget-container\">\n\t\t\t\t\t\t\t<div class=\"elementor-icon-wrapper\">\n\t\t\t<a class=\"elementor-icon\" href=\"https:\/\/kallkritikbyran.se\/fejkade-valaffischer-och-falska-citat-sa-forvrangs-politikernas-budskap\/\" target=\"_blank\" rel=\"noopener\">\n\t\t\t<svg aria-hidden=\"true\" class=\"e-font-icon-svg e-fas-arrow-right\" viewBox=\"0 0 448 512\" xmlns=\"http:\/\/www.w3.org\/2000\/svg\"><path d=\"M190.5 66.9l22.2-22.2c9.4-9.4 24.6-9.4 33.9 0L441 239c9.4 9.4 9.4 24.6 0 33.9L246.6 467.3c-9.4 9.4-24.6 9.4-33.9 0l-22.2-22.2c-9.5-9.5-9.3-25 .4-34.3L311.4 296H24c-13.3 0-24-10.7-24-24v-32c0-13.3 10.7-24 24-24h287.4L190.9 101.2c-9.8-9.3-10-24.8-.4-34.3z\"><\/path><\/svg>\t\t\t<\/a>\n\t\t<\/div>\n\t\t\t\t\t\t<\/div>\n\t\t\t\t<\/div>\n\t\t\t\t<\/div>\n\t\t\t\t<\/div>\n\t\t<div class=\"elementor-element elementor-element-1c3dcd2 e-con-full e-flex e-con e-child\" data-id=\"1c3dcd2\" data-element_type=\"container\" data-e-type=\"container\">\n\t\t<div class=\"elementor-element elementor-element-21fc7f1 e-con-full e-flex e-con e-child\" data-id=\"21fc7f1\" data-element_type=\"container\" data-e-type=\"container\">\n\t\t\t\t<div class=\"elementor-element elementor-element-88b1270 elementor-widget elementor-widget-heading\" data-id=\"88b1270\" data-element_type=\"widget\" data-e-type=\"widget\" data-widget_type=\"heading.default\">\n\t\t\t\t<div class=\"elementor-widget-container\">\n\t\t\t\t\t<div class=\"elementor-heading-title elementor-size-default\">27april<\/div>\t\t\t\t<\/div>\n\t\t\t\t<\/div>\n\t\t\t\t<\/div>\n\t\t<div class=\"elementor-element elementor-element-5c427fe e-con-full e-flex e-con e-child\" data-id=\"5c427fe\" data-element_type=\"container\" data-e-type=\"container\">\n\t\t\t\t<div class=\"elementor-element elementor-element-e6f8735 elementor-widget elementor-widget-heading\" data-id=\"e6f8735\" data-element_type=\"widget\" data-e-type=\"widget\" data-widget_type=\"heading.default\">\n\t\t\t\t<div class=\"elementor-widget-container\">\n\t\t\t\t\t<h6 class=\"elementor-heading-title elementor-size-default\"><a href=\"https:\/\/kallkritikbyran.se\/lista-har-ar-arets-valkompasser-sa-gors-de-och-av-vem\/\" target=\"_blank\" rel=\"noopener\">Lista: H\u00e4r \u00e4r \u00e5rets valkompasser \u2013 och s\u00e5 \u00e4r de framtagna<\/a><\/h6>\t\t\t\t<\/div>\n\t\t\t\t<\/div>\n\t\t\t\t<div class=\"elementor-element elementor-element-d2aff29 elementor-widget elementor-widget-heading\" data-id=\"d2aff29\" data-element_type=\"widget\" data-e-type=\"widget\" data-widget_type=\"heading.default\">\n\t\t\t\t<div class=\"elementor-widget-container\">\n\t\t\t\t\t<div class=\"elementor-heading-title elementor-size-default\"><a href=\"https:\/\/kallkritikbyran.se\/lista-har-ar-arets-valkompasser-sa-gors-de-och-av-vem\/\" target=\"_blank\" rel=\"noopener\">I h\u00f6st \u00e4r det val och m\u00e5nga \u00e4r os\u00e4kra p\u00e5 vilket parti de ska l\u00e4gga sin r\u00f6st. Vi g\u00e5r igenom vilka valkompasser som finns och hur de \u00e4r gjorda.<\/a><\/div>\t\t\t\t<\/div>\n\t\t\t\t<\/div>\n\t\t\t\t<\/div>\n\t\t<div class=\"elementor-element elementor-element-99ff9d8 e-con-full e-flex e-con e-child\" data-id=\"99ff9d8\" data-element_type=\"container\" data-e-type=\"container\">\n\t\t\t\t<div class=\"elementor-element elementor-element-2e0002b elementor-view-default elementor-widget elementor-widget-icon\" data-id=\"2e0002b\" data-element_type=\"widget\" data-e-type=\"widget\" data-widget_type=\"icon.default\">\n\t\t\t\t<div class=\"elementor-widget-container\">\n\t\t\t\t\t\t\t<div class=\"elementor-icon-wrapper\">\n\t\t\t<a class=\"elementor-icon\" href=\"https:\/\/kallkritikbyran.se\/lista-har-ar-arets-valkompasser-sa-gors-de-och-av-vem\/\" target=\"_blank\" rel=\"noopener\">\n\t\t\t<svg aria-hidden=\"true\" class=\"e-font-icon-svg e-fas-arrow-right\" viewBox=\"0 0 448 512\" xmlns=\"http:\/\/www.w3.org\/2000\/svg\"><path d=\"M190.5 66.9l22.2-22.2c9.4-9.4 24.6-9.4 33.9 0L441 239c9.4 9.4 9.4 24.6 0 33.9L246.6 467.3c-9.4 9.4-24.6 9.4-33.9 0l-22.2-22.2c-9.5-9.5-9.3-25 .4-34.3L311.4 296H24c-13.3 0-24-10.7-24-24v-32c0-13.3 10.7-24 24-24h287.4L190.9 101.2c-9.8-9.3-10-24.8-.4-34.3z\"><\/path><\/svg>\t\t\t<\/a>\n\t\t<\/div>\n\t\t\t\t\t\t<\/div>\n\t\t\t\t<\/div>\n\t\t\t\t<\/div>\n\t\t\t\t<\/div>\n\t\t\t\t\t<\/div>\n\t\t\t\t<\/div>\n\t\t\t\t<\/div>\n\t\t","protected":false},"excerpt":{"rendered":"<p>ARKIV Alla granskningar Valkollen g\u00f6r i samarbete med faktagranskaren K\u00e4llkritikbyr\u00e5n viralgranskningar i valtider. H\u00e4r kan du se alla granskningar vi har gjort tillsammans val\u00e5ret 2026. 3 sep Lista med nedlagda akutsjukhus sprids som S-kritik \u2013 Tid\u00f6fall utel\u00e4mnat En tabell som sprids i sociala medier visar orter d\u00e4r akutsjukhus f\u00f6rsvunnit under v\u00e4nsterstyre \u2013 men i listan [&hellip;]<\/p>\n","protected":false},"author":2,"featured_media":0,"parent":4783,"menu_order":0,"comment_status":"closed","ping_status":"closed","template":"","meta":{"footnotes":""},"class_list":["post-5026","page","type-page","status-publish","hentry"],"_links":{"self":[{"href":"https:\/\/fojo.se\/verify\/wp-json\/wp\/v2\/pages\/5026","targetHints":{"allow":["GET"]}}],"collection":[{"href":"https:\/\/fojo.se\/verify\/wp-json\/wp\/v2\/pages"}],"about":[{"href":"https:\/\/fojo.se\/verify\/wp-json\/wp\/v2\/types\/page"}],"author":[{"embeddable":true,"href":"https:\/\/fojo.se\/verify\/wp-json\/wp\/v2\/users\/2"}],"replies":[{"embeddable":true,"href":"https:\/\/fojo.se\/verify\/wp-json\/wp\/v2\/comments?post=5026"}],"version-history":[{"count":43,"href":"https:\/\/fojo.se\/verify\/wp-json\/wp\/v2\/pages\/5026\/revisions"}],"predecessor-version":[{"id":5339,"href":"https:\/\/fojo.se\/verify\/wp-json\/wp\/v2\/pages\/5026\/revisions\/5339"}],"up":[{"embeddable":true,"href":"https:\/\/fojo.se\/verify\/wp-json\/wp\/v2\/pages\/4783"}],"wp:attachment":[{"href":"https:\/\/fojo.se\/verify\/wp-json\/wp\/v2\/media?parent=5026"}],"curies":[{"name":"wp","href":"https:\/\/api.w.org\/{rel}","templated":true}]}}