{"id":100,"date":"2023-10-26T17:04:56","date_gmt":"2023-10-26T15:04:56","guid":{"rendered":"https:\/\/fojo.se\/nykollega\/?page_id=100"},"modified":"2025-09-22T09:02:13","modified_gmt":"2025-09-22T07:02:13","slug":"ansokan","status":"publish","type":"page","link":"https:\/\/fojo.se\/nykollega\/ansokan\/","title":{"rendered":"Ans\u00f6kan"},"content":{"rendered":"\t\t<div data-elementor-type=\"wp-page\" data-elementor-id=\"100\" class=\"elementor elementor-100\" data-elementor-post-type=\"page\">\n\t\t\t\t<div class=\"elementor-element elementor-element-64e0a148 e-flex e-con-boxed e-con e-parent\" data-id=\"64e0a148\" data-element_type=\"container\" data-e-type=\"container\" data-settings=\"{&quot;background_background&quot;:&quot;gradient&quot;}\">\n\t\t\t\t\t<div class=\"e-con-inner\">\n\t\t\t\t<div class=\"elementor-element elementor-element-387c5790 elementor-widget elementor-widget-heading\" data-id=\"387c5790\" data-element_type=\"widget\" data-e-type=\"widget\" data-widget_type=\"heading.default\">\n\t\t\t\t<div class=\"elementor-widget-container\">\n\t\t\t\t\t<h1 class=\"elementor-heading-title elementor-size-default\">Ans\u00f6k till Ny Kollega<\/h1>\t\t\t\t<\/div>\n\t\t\t\t<\/div>\n\t\t\t\t\t<\/div>\n\t\t\t\t<\/div>\n\t\t<div class=\"elementor-element elementor-element-69035d7 e-flex e-con-boxed e-con e-parent\" data-id=\"69035d7\" data-element_type=\"container\" data-e-type=\"container\">\n\t\t\t\t\t<div class=\"e-con-inner\">\n\t\t\t\t<div class=\"elementor-element elementor-element-32b7f09 elementor-hidden-desktop elementor-hidden-laptop elementor-hidden-tablet elementor-hidden-mobile elementor-widget elementor-widget-button\" data-id=\"32b7f09\" data-element_type=\"widget\" data-e-type=\"widget\" data-widget_type=\"button.default\">\n\t\t\t\t<div class=\"elementor-widget-container\">\n\t\t\t\t\t\t\t\t\t<div class=\"elementor-button-wrapper\">\n\t\t\t\t\t<a class=\"elementor-button elementor-button-link elementor-size-sm\" href=\"https:\/\/www.recruto.se\/apps\/listings\/view\/id\/83210-fojo-media-institute-stockholm-vill-du-jobba-som-journalist-i-sverige\" target=\"_blank\" rel=\"noopener\">\n\t\t\t\t\t\t<span class=\"elementor-button-content-wrapper\">\n\t\t\t\t\t\t\t\t\t<span class=\"elementor-button-text\">ANS\u00d6K TILL NY KOLLEGA<\/span>\n\t\t\t\t\t<\/span>\n\t\t\t\t\t<\/a>\n\t\t\t\t<\/div>\n\t\t\t\t\t\t\t\t<\/div>\n\t\t\t\t<\/div>\n\t\t\t\t<div class=\"elementor-element elementor-element-06a335f elementor-hidden-desktop elementor-hidden-laptop elementor-hidden-tablet elementor-hidden-mobile elementor-widget elementor-widget-text-editor\" data-id=\"06a335f\" data-element_type=\"widget\" data-e-type=\"widget\" data-widget_type=\"text-editor.default\">\n\t\t\t\t<div class=\"elementor-widget-container\">\n\t\t\t\t\t\t\t\t\t<div><b style=\"font-family: -apple-system, BlinkMacSystemFont, 'Segoe UI', Roboto, 'Helvetica Neue', Arial, 'Noto Sans', sans-serif, 'Apple Color Emoji', 'Segoe UI Emoji', 'Segoe UI Symbol', 'Noto Color Emoji';\">\u00c4r du driven och har ett stort intresse f\u00f6r media och samh\u00e4lle i Sverige? D\u00e5 ska du s\u00f6ka till journalistutbildningen Ny Kollega. Just nu s\u00f6ker vi dig som arbetat med eller studerat journalistik utanf\u00f6r Sverige <i>alternativt\u00a0<\/i>dig som har en relevant svensk h\u00f6gskoleutbildning.\u00a0<\/b><\/div><div><div id=\"adDescription\" class=\"row\"><div class=\"ad-main-text order-first order-sm-2 col-sm-9\"><div><p>Ny Kollega \u00e4r en journalistutbildning i samarbete mellan Medieinstitutet Fojo, SVT, Schibsted, Bonnier News, Stampen och Sverige Radio.<\/p><p>Programmet v\u00e4nder sig till dig som har arbetat med eller studerat journalistik utanf\u00f6r Sverige\u00a0<i><b>alternativt\u00a0<\/b><\/i>har en relevant svensk h\u00f6gskoleutbildning. Det \u00e4r meriterande om du kan bidra med nya perspektiv, n\u00e4tverk och andra spr\u00e5k. \u00a0<\/p><p>Ny Kollega best\u00e5r av tv\u00e5 terminer och p\u00e5g\u00e5r mellan den 16 januari och 20 december 2026, den f\u00f6rsta terminen \u00e4r p\u00e5 deltid och andra terminen p\u00e5 heltid. Termin ett fokuserar p\u00e5 teori medans termin tv\u00e5 fokuserar p\u00e5 praktik.<\/p><p>F\u00f6rsta terminen best\u00e5r av digitala aktiviteter f\u00f6retr\u00e4desvis kv\u00e4llstid. \u00c4ven tv\u00e5 fysiska tr\u00e4ffar i Stockholm som inkluderar \u00f6vernattning ing\u00e5r i programmet under v\u00e5ren 2026.<\/p><p>Du f\u00e5r bland annat l\u00e4ra dig mer om det svenska medielandskapet och hur det \u00e4r att arbeta som nyhetsreporter i Sverige. Du f\u00e5r f\u00f6rdjupad kunskap om exempelvis offentlighetsprincipen, etikfr\u00e5gor, k\u00e4llkritik och branschkoll. De olika kursmomenten och f\u00f6rel\u00e4sningarna h\u00e5lls p\u00e5 svenska av journalister och erfarna medarbetare i mediebranschen. Du tilldelas \u00e4ven en mentor som \u00e4r verksam journalist och kan bidra med tips och v\u00e4gledning. Allt f\u00f6r att du ska l\u00e4ra dig om journalistik i Sverige.\u00a0<\/p><p><b>Kravprofil\/Kvalifikationer:\u00a0<\/b><\/p><\/div><ul><li>Att du har studerat eller arbetat som journalist utanf\u00f6r Sverige\u00a0<b>eller,<\/b><\/li><li>Har relevant svensk utbildning och\/eller arbetslivserfarenhet som du kan anv\u00e4nda i journalistyrket.<\/li><li>Kunskaper i svenska, motsvarande minst\u00a0<b><a href=\"https:\/\/www.folkuniversitetet.se\/vara-skolor\/internationella-skolor\/internationella-skolorna\/bra-att-veta\/europaradets-nivaskala\" target=\"_blank\" rel=\"noopener\">B1-niv\u00e5,<\/a><\/b><\/li><li>Ett eller flera spr\u00e5k ut\u00f6ver svenska och engelska, utomeuropeiska spr\u00e5k \u00e4r meriterande,<\/li><li>Svenskt medborgarskap, samordningsnummer eller har tillst\u00e5nd att arbeta i Sverige.\u00a0\u00a0<\/li><\/ul><div><p><b>Meriterande:\u00a0<\/b><\/p><p>\u00a0<\/p><\/div><div>Vi vill att du har en god allm\u00e4nbildning och ett stort intresse f\u00f6r samh\u00e4llet. Det \u00e4r viktigt att du har ett eget driv och vill vara med och utveckla svensk nyhetsjournalistik.\u202f\u00a0<\/div><div>\u00a0<\/div><div>Fullf\u00f6ljer du f\u00f6rsta terminen har du mycket goda chanser till en avl\u00f6nad praktikplats under h\u00f6sten 2026. Denna genomf\u00f6rs p\u00e5 n\u00e5gon av SVT:s lokala nyhetsredaktioner (runt om i Sverige) eller Sveriges Radios, Schibsteds, Bonnier News redaktioner exempelvis Dagens Nyheter, Sydsvenskan, Expressen, Aftonbladet, J\u00f6nk\u00f6pingsposten, G\u00f6teborgsposten och Svenska Dagbladet.<\/div><div>\u00a0<\/div><div><i>Praktiken \u00e4r p\u00e5 heltid och avl\u00f6nad.\u202fNy Kollega \u00e4r en kostnadsfri utbildning. Mindre kostnader f\u00f6r lokala resor kan f\u00f6rekomma.\u202fAns\u00f6k senast 21:a september genom att skicka in ett personligt brev och CV.<\/i><\/div><div>\u00a0<\/div><div><p><i>OBS! Din ans\u00f6kan ska vara p\u00e5 svenska.<\/i>\u00a0<\/p><\/div><\/div><\/div><h6><b>Mer information inf\u00f6r ans\u00f6kan:\u202f\u00a0<\/b><\/h6><p>Om du vill ha mer information eller har fr\u00e5gor kan du delta i v\u00e5ra informationstr\u00e4ffar som h\u00e5lls digitalt via Microsoft Teams vid tre tillf\u00e4llen den 10: e september.<\/p><div><p>Du kan anm\u00e4la dig till en eller flera av dem via l\u00e4nken nedan.<\/p><\/div><ul><li>Infotr\u00e4ff 1: 09:00-10:00\u202f\u00a0<\/li><li>Infotr\u00e4ff 2:12:00-13:00\u202f\u00a0<\/li><li>Infotr\u00e4ff 3: 18:00-19:00\u202f\u00a0<\/li><\/ul><\/div>\t\t\t\t\t\t\t\t<\/div>\n\t\t\t\t<\/div>\n\t\t\t\t<div class=\"elementor-element elementor-element-6fb640b elementor-widget elementor-widget-heading\" data-id=\"6fb640b\" data-element_type=\"widget\" data-e-type=\"widget\" data-widget_type=\"heading.default\">\n\t\t\t\t<div class=\"elementor-widget-container\">\n\t\t\t\t\t<h5 class=\"elementor-heading-title elementor-size-default\">Ans\u00f6kan till Ny Kollega har nu st\u00e4ngt. V\u00e4lkommen att s\u00f6ka n\u00e4sta g\u00e5ng!<\/h5>\t\t\t\t<\/div>\n\t\t\t\t<\/div>\n\t\t\t\t<div class=\"elementor-element elementor-element-0dcc65f elementor-hidden-desktop elementor-hidden-laptop elementor-hidden-tablet elementor-hidden-mobile elementor-widget elementor-widget-button\" data-id=\"0dcc65f\" data-element_type=\"widget\" data-e-type=\"widget\" data-widget_type=\"button.default\">\n\t\t\t\t<div class=\"elementor-widget-container\">\n\t\t\t\t\t\t\t\t\t<div class=\"elementor-button-wrapper\">\n\t\t\t\t\t<a class=\"elementor-button elementor-button-link elementor-size-sm\" href=\"https:\/\/fojo.se\/nykollega\/informationstraff\/\">\n\t\t\t\t\t\t<span class=\"elementor-button-content-wrapper\">\n\t\t\t\t\t\t\t\t\t<span class=\"elementor-button-text\">Anm\u00e4l dig till informationstr\u00e4ff<\/span>\n\t\t\t\t\t<\/span>\n\t\t\t\t\t<\/a>\n\t\t\t\t<\/div>\n\t\t\t\t\t\t\t\t<\/div>\n\t\t\t\t<\/div>\n\t\t\t\t<div class=\"elementor-element elementor-element-653d6c2 elementor-widget elementor-widget-text-editor\" data-id=\"653d6c2\" data-element_type=\"widget\" data-e-type=\"widget\" data-widget_type=\"text-editor.default\">\n\t\t\t\t<div class=\"elementor-widget-container\">\n\t\t\t\t\t\t\t\t\t<div><a style=\"background-color: #ffffff; font-size: 1rem;\" href=\"https:\/\/fojo.se\/nykollega\/nu-oppnar-ansokan-till-ny-kollega\/\">Du kan l\u00e4sa mer om de nya antagningsreglerna h\u00e4r.<\/a><\/div>\n<div>&nbsp;<\/div>\n<div>\n<div><b>Vad h\u00e4nder efter din ans\u00f6kan?\u202f&nbsp;<br><br><\/b><\/div>\n<div>Ans\u00f6kningsperioden f\u00f6r 2025 st\u00e4ngde den 21:a september.<\/div>\n<div>&nbsp;<\/div>\n<div>Uppfyller du kraven i konkurrens med andra s\u00f6kanden kommer du att kallas till en intervju. Intervjun sker digitalt och det \u00e4r viktigt att du har tillg\u00e5ng till Microsoft Teams samt en stabil internetuppkoppling under intervjun. R\u00e4kna med en timme f\u00f6r intervjun.<\/div>\n<div>&nbsp;<\/div>\n<div>Du f\u00e5r besked om du blivit antagen till programmet senast den 21:a oktober. \u202f<\/div>\n<\/div>\t\t\t\t\t\t\t\t<\/div>\n\t\t\t\t<\/div>\n\t\t\t\t<div class=\"elementor-element elementor-element-78b0a01 elementor-widget elementor-widget-button\" data-id=\"78b0a01\" data-element_type=\"widget\" data-e-type=\"widget\" data-widget_type=\"button.default\">\n\t\t\t\t<div class=\"elementor-widget-container\">\n\t\t\t\t\t\t\t\t\t<div class=\"elementor-button-wrapper\">\n\t\t\t\t\t<a class=\"elementor-button elementor-button-link elementor-size-sm\" href=\"https:\/\/fojo.se\/nykollega\/\">\n\t\t\t\t\t\t<span class=\"elementor-button-content-wrapper\">\n\t\t\t\t\t\t\t\t\t<span class=\"elementor-button-text\">L\u00e4s mer om Ny Kollega h\u00e4r<\/span>\n\t\t\t\t\t<\/span>\n\t\t\t\t\t<\/a>\n\t\t\t\t<\/div>\n\t\t\t\t\t\t\t\t<\/div>\n\t\t\t\t<\/div>\n\t\t\t\t\t<\/div>\n\t\t\t\t<\/div>\n\t\t\t\t<\/div>\n\t\t","protected":false},"excerpt":{"rendered":"<p>Ans\u00f6k till Ny Kollega ANS\u00d6K TILL NY KOLLEGA \u00c4r du driven och har ett stort intresse f\u00f6r media och samh\u00e4lle i Sverige? D\u00e5 ska du s\u00f6ka till journalistutbildningen Ny Kollega. Just nu s\u00f6ker vi dig som arbetat med eller studerat journalistik utanf\u00f6r Sverige alternativt\u00a0dig som har en relevant svensk h\u00f6gskoleutbildning.\u00a0 Ny Kollega \u00e4r en journalistutbildning [&hellip;]<\/p>\n","protected":false},"author":2,"featured_media":0,"parent":0,"menu_order":4,"comment_status":"closed","ping_status":"closed","template":"","meta":{"_monsterinsights_skip_tracking":false,"_monsterinsights_sitenote_active":false,"_monsterinsights_sitenote_note":"","_monsterinsights_sitenote_category":0,"footnotes":""},"class_list":["post-100","page","type-page","status-publish","hentry"],"_links":{"self":[{"href":"https:\/\/fojo.se\/nykollega\/wp-json\/wp\/v2\/pages\/100","targetHints":{"allow":["GET"]}}],"collection":[{"href":"https:\/\/fojo.se\/nykollega\/wp-json\/wp\/v2\/pages"}],"about":[{"href":"https:\/\/fojo.se\/nykollega\/wp-json\/wp\/v2\/types\/page"}],"author":[{"embeddable":true,"href":"https:\/\/fojo.se\/nykollega\/wp-json\/wp\/v2\/users\/2"}],"replies":[{"embeddable":true,"href":"https:\/\/fojo.se\/nykollega\/wp-json\/wp\/v2\/comments?post=100"}],"version-history":[{"count":52,"href":"https:\/\/fojo.se\/nykollega\/wp-json\/wp\/v2\/pages\/100\/revisions"}],"predecessor-version":[{"id":24920,"href":"https:\/\/fojo.se\/nykollega\/wp-json\/wp\/v2\/pages\/100\/revisions\/24920"}],"wp:attachment":[{"href":"https:\/\/fojo.se\/nykollega\/wp-json\/wp\/v2\/media?parent=100"}],"curies":[{"name":"wp","href":"https:\/\/api.w.org\/{rel}","templated":true}]}}